{"id":2742,"date":"2026-04-30T07:08:05","date_gmt":"2026-04-30T05:08:05","guid":{"rendered":"https:\/\/ftgforest.com\/?post_type=career&#038;p=2742"},"modified":"2026-04-30T07:29:46","modified_gmt":"2026-04-30T05:29:46","slug":"produktionschef","status":"publish","type":"career","link":"https:\/\/ftgforest.com\/sv\/blog\/career\/produktionschef\/","title":{"rendered":"Produktionschef till B\u00e4ckefors"},"content":{"rendered":"\n<h4 class=\"wp-block-heading\">Vill du leda, utveckla och ta ansvar f\u00f6r framtidens produktion?<\/h4>\n\n\n\n<p>Vi s\u00f6ker nu en engagerad produktionschef till anl\u00e4ggningen i B\u00e4ckefors. Du som vill kliva in i en central roll med ansvar f\u00f6r logistik, montering och produktionsfl\u00f6de. H\u00e4r handlar det inte bara om att h\u00e5lla ihop vardagen \u2013 utan om att driva utveckling, montering och logistik fram\u00e5t \u00f6ver tid. Du blir en del av ett f\u00f6retag med god sammanh\u00e5llning, stark teknisk kompetens, tydliga ambitioner och produkter som anv\u00e4nds av professionella anv\u00e4ndare i en kr\u00e4vande verklighet. En roll f\u00f6r dig som trivs med ansvar, gillar f\u00f6rb\u00e4ttringsarbete och vill ha verkligt inflytande.<\/p>\n\n\n\n<p>Har du erfarenhet av att leda produktion och vill ta ett helhetsansvar med fokus p\u00e5 f\u00f6rb\u00e4ttring och resultat &#8211; b\u00e5de f\u00f6r verksamheten och m\u00e4nniskorna i den? Trivs du i en roll d\u00e4r du \u00e4r n\u00e4ra det som h\u00e4nder i vardagen och kombinerar struktur med ett tydligt driv fram\u00e5t. Du ser vad som kan g\u00f6ras b\u00e4ttre och \u00e4r van att oms\u00e4tta det i konkreta f\u00f6rb\u00e4ttringar? D\u00e5 skall du s\u00f6ka den h\u00e4r tj\u00e4nsten. <\/p>\n\n\n\n<p>I den h\u00e4r rekryteringen samarbetar FTG med Committo. V\u00e4lkommen att kontakta Linda Samuelsson p\u00e5 +46 702 16 37 52 eller\u00a0<a href=\"mailto:linda.samuelsson@committo.se\" target=\"_blank\" rel=\"noreferrer noopener\">linda.samuelsson@committo.se<\/a>, om du har fr\u00e5gor kring tj\u00e4nsten. Intervjuer och urval sker l\u00f6pande.<\/p>\n\n\n\n<p><a href=\"https:\/\/jobs.committo.se\/jobs\/7642760-produktionschef-till-forest-technology-group\" target=\"_blank\" rel=\"noopener\">L\u00e4s mer om tj\u00e4nsten och ans\u00f6k<\/a><\/p>\n","protected":false},"featured_media":1918,"template":"","acf":[],"_links":{"self":[{"href":"https:\/\/ftgforest.com\/sv\/wp-json\/wp\/v2\/career\/2742"}],"collection":[{"href":"https:\/\/ftgforest.com\/sv\/wp-json\/wp\/v2\/career"}],"about":[{"href":"https:\/\/ftgforest.com\/sv\/wp-json\/wp\/v2\/types\/career"}],"wp:featuredmedia":[{"embeddable":true,"href":"https:\/\/ftgforest.com\/sv\/wp-json\/wp\/v2\/media\/1918"}],"wp:attachment":[{"href":"https:\/\/ftgforest.com\/sv\/wp-json\/wp\/v2\/media?parent=2742"}],"curies":[{"name":"wp","href":"https:\/\/api.w.org\/{rel}","templated":true}]}}